{"id":1672,"date":"2024-03-04T18:38:37","date_gmt":"2024-03-04T18:38:37","guid":{"rendered":"http:\/\/yootheme.my-smartbike.eu\/?page_id=1672"},"modified":"2024-04-12T12:03:41","modified_gmt":"2024-04-12T12:03:41","slug":"premium-30","status":"publish","type":"page","link":"https:\/\/my-smartbike.eu\/?page_id=1672","title":{"rendered":"premium30"},"content":{"rendered":"<p><img decoding=\"async\" src=\"\/wp-content\/uploads\/2024\/03\/Blackred-2.png\" alt=\"\"><\/p>\n<div>\n<p><span>Das E-Bike mit dem stabilen Standardrahmen<\/span><\/p>\n<\/div>\n<p><img decoding=\"async\" src=\"\/wp-content\/uploads\/2024\/03\/premium25.png\" alt=\"\"><\/p>\n<div>\n<p><strong>f\u00fcr 2.398\u20ac<\/strong> (inkl. 19% MwSt)<\/p>\n<\/div>\n<p>\n    <a href=\"#kaufen\">Jetzt Kaufen<\/a>\n<\/p>\n<ul>\n<li>\n<p>        <img decoding=\"async\" src=\"\/wp-content\/uploads\/2024\/03\/Premium_Blackred_1000-1.png\" alt=\"\"><\/p>\n<h2>Premium_Blackred_1000<\/h2>\n<\/li>\n<li>\n<p>        <img decoding=\"async\" src=\"\/wp-content\/uploads\/2024\/03\/wrgtw-1.png\" alt=\"\"><\/p>\n<h2>wrgtw<\/h2>\n<\/li>\n<li>\n<p>        <img decoding=\"async\" src=\"\/wp-content\/uploads\/2024\/03\/Premium_Blackred_-1-1.png\" alt=\"\"><\/p>\n<h2>Premium_Blackred_-1<\/h2>\n<\/li>\n<li>\n<p>        <img decoding=\"async\" src=\"\/wp-content\/uploads\/2024\/03\/Premium_Blackred_-2-1.png\" alt=\"\"><\/p>\n<h2>Premium_Blackred_-2<\/h2>\n<\/li>\n<\/ul>\n<p><img decoding=\"async\" src=\"\/wp-content\/uploads\/2024\/03\/USP1@2x-1024x362-1.png\" alt=\"\"><br \/>\n<img decoding=\"async\" src=\"\/wp-content\/uploads\/2024\/03\/BigFoot-USPs@2x-1024x381-1.png\" alt=\"\"><br \/>\n<img decoding=\"async\" src=\"\/wp-content\/uploads\/2024\/03\/bbbb.png\" alt=\"\"><\/p>\n<div>\n<h3>Verf\u00fcgbar in 3 Farben:<\/h3>\n<\/div>\n<div><\/div>\n<p><a href=\"\/index.php?page_id=2158\"><img decoding=\"async\" src=\"\/wp-content\/uploads\/2024\/03\/Gruppe-249@2x.png\" alt=\"\"><\/a><br \/>\n<a href=\"\/index.php?page_id=2161\"><img decoding=\"async\" src=\"\/wp-content\/uploads\/2024\/03\/Gruppe-242@2x.png\" alt=\"\"><\/a><br \/>\n<a href=\"\/index.php?page_id=2163\"><img decoding=\"async\" src=\"\/wp-content\/uploads\/2024\/03\/Gruppe-243@2x.png\" alt=\"\"><\/a><\/p>\n<div>\n<p><strong>Im Kaufpreis inklusiv:<\/strong> <br \/>Gro\u00dfe Tasche f\u00fcr Gep\u00e4cktr\u00e4ger, Getr\u00e4nkehalter mit Aluflasche, Werkzeugset, Luftpumpe, Zahlenschloss, stabile Wetterschutzh\u00fclle, Ersatzbremsbel\u00e4ge.<\/p>\n<\/div>\n<div>\n<h3>Verf\u00fcgbar mit 1 Reifenart:<\/h3>\n<div>\n<p><img loading=\"lazy\" decoding=\"async\" src=\"http:\/\/yootheme.my-smartbike.eu\/wp-content\/uploads\/2024\/03\/3.png\" alt=\"\" width=\"53\" height=\"81\" class=\"alignnone wp-image-2012 size-full\" \/><\/p>\n<\/div>\n<\/div>\n<div>\n<h3>Das E-Bike mit dem stabilen Standardrahmen<\/h3>\n<div>f\u00fcr 2.398 \u20ac (inkl. 19% MwSt.)\n<\/div>\n<p><a href=\"https:\/\/drpulley.shopnix.de\/SMARTbike-faltbare-eBikes\/Unsere-SMARTbikes\/SMARTbike-PREMIUM-3-0-Faltbar-universell-fuer-alle-Strecken-3-Reifen::1500.html\">Jetzt kaufen<\/a><\/p>\n<\/div>\n<div>\n<h2 class=\"elementor-heading-title elementor-size-default\">Technische Daten<\/h2>\n<\/p>\n<\/p>\n<h2 class=\"elementor-heading-title elementor-size-default\">Lieferumfang<\/h2>\n<\/div>\n<div>\n<div class=\"elementor-element elementor-element-d4c2413 e-con-full e-flex e-con e-child\" data-id=\"d4c2413\" data-element_type=\"container\" data-settings=\"{&quot;content_width&quot;:&quot;full&quot;,&quot;container_type&quot;:&quot;flex&quot;}\">\n<div class=\"elementor-element elementor-element-e36ddd6 elementor-widget elementor-widget-heading\" data-id=\"e36ddd6\" data-element_type=\"widget\" data-widget_type=\"heading.default\">\n<div class=\"elementor-widget-container\">\n<p class=\"elementor-heading-title elementor-size-default\">Faltfunktion: 2-fach faltbarer Alurahmen<br \/>Felgen: 20 Zoll Alufelgen<br \/>Reifenbreite: 3 Zoll Hochleistungsreifen<br \/>Bremsen: hydraulische Scheibenbremsen (TEKTRO)<br \/>Licht: 80 Lumen LED Frontlicht, helles R\u00fccklicht mit Bremslicht<br \/>Schaltung: 7 G\u00e4nge Kettenschaltung (SHIMANA Rapid-Fire System)<br \/>Kette: rostfrei (KMC)<br \/>Motor: 48 V \/ 250 Watt Motor (SXF-Motors) mit 5 Unterst\u00fctzungsstufen<br \/>Gasgriff: ohne Treten max. 6 km\/h<br \/>Akku: 48 V \/ 14,4 Ah \/ 690 Wh, wechselbar, mit Schl\u00fcssel gesichert<br \/>Reichweite: 40-100 km<br \/>Display: gro\u00dfes LCD Display mit USB Anschluss f\u00fcr Handy oder Navi<br \/>Gewicht ohne Akku: ca. 25,5 kg (Akku ca. 4,5 kg)<br \/>Sattelh\u00f6he: 86-112 cm<br \/>Lenkerh\u00f6he: 115-125 cm<br \/>Packma\u00dfe (gefaltet): 98x48x78 cm (LxBxH)<br \/>Zugelassenes Gesamtgewicht: 130kg<br \/>Belastung Gep\u00e4cktr\u00e4ger: 15kg<br \/>T\u00dcV S\u00fcd CE und EN15194 zertifiziert<\/p>\n<\/div>\n<\/div>\n<\/div>\n<\/div>\n<div>\n<div class=\"elementor-element elementor-element-d4c2413 e-con-full e-flex e-con e-child\" data-id=\"d4c2413\" data-element_type=\"container\" data-settings=\"{&quot;content_width&quot;:&quot;full&quot;,&quot;container_type&quot;:&quot;flex&quot;}\">\n<div class=\"elementor-element elementor-element-e36ddd6 elementor-widget elementor-widget-heading\" data-id=\"e36ddd6\" data-element_type=\"widget\" data-widget_type=\"heading.default\">\n<div class=\"elementor-widget-container\">\n<p class=\"elementor-heading-title elementor-size-default\">E-Bike<br \/>Akku<br \/>Gro\u00dfe Tasche f\u00fcr Gep\u00e4cktr\u00e4ger<br \/>Getr\u00e4nkehalter mit Aluflasche<br \/>Werkzeugset <br \/>Luftpumpe<br \/>Zahlenschloss<br \/>stabile Wetterschutzh\u00fclle<br \/>Ersatzbremsbel\u00e4ge<br \/>Handyhalterung gratis f\u00fcr ein Foto<\/p>\n<\/div>\n<\/div>\n<\/div>\n<\/div>\n<p><img decoding=\"async\" src=\"\/wp-content\/uploads\/2024\/03\/Gruppe-333@2x.png\" alt=\"\"><\/p>\n<div>\n<p>Zulassungs- und versicherungsfreies Pedelec<br \/>Technische Daten:<\/p>\n<p>Mit Sicherheitsriegel 2-fach faltbarer Alurahmen, Alufelgen, hydraulische Scheibenbremsen (TEKTRO) vorne und hinten, 80 Lumen LED Front- und helles R\u00fccklicht, echtes Bremslicht, 7 G\u00e4nge Kettenschaltung (SHIMANO Rapid-Fire System), rostfreie Kette (KMC), kr\u00e4ftiger 48 V\/250 Watt Motor (SXF-Motors) mit 5 digitalen Unterst\u00fctzungsstufen, zus\u00e4tzlich Gasgriff (ohne Treten max. 6km\/h Geschwindigkeit), starker leicht wechselbarer, mit Schl\u00fcssel gesicherter Hochleistungsakku 48 V\/14,4 Ah, 690 Wh, (T\u00dcV S\u00fcd gepr\u00fcft, mit BMS) St\u00e4rkere oder Austauschakkus sind verf\u00fcgbar. Reichweite je nach Strecke und Motorunterst\u00fctzung 40-100 Kilometer, gro\u00dfes LCD Farbdisplay, USB Anschluss f\u00fcr Handy oder Navi. Eine Handyhalterung gibt es gratis gegen ein Foto (Infolink) !<\/p>\n<p>Gewicht ohne Akku ca. 25,9kg., Akku ca 4kg. Sattelh\u00f6he 86-112 cm, Lenkerh\u00f6he 115-125 cm. Packma\u00df gefaltet LxBxH: 98x48x78 cm. Zul. Gesamtgewicht bis 130 kg, Belastung Gep\u00e4cktr\u00e4ger 15 kg. T\u00dcV S\u00fcd CE und EN15194 zertifiziert.<\/p>\n<\/div>\n<div>\n<div class=\"elementor-element elementor-element-d4c2413 e-con-full e-flex e-con e-child\" data-id=\"d4c2413\" data-element_type=\"container\" data-settings=\"{&quot;content_width&quot;:&quot;full&quot;,&quot;container_type&quot;:&quot;flex&quot;}\">\n<div class=\"elementor-element elementor-element-e36ddd6 elementor-widget elementor-widget-heading\" data-id=\"e36ddd6\" data-element_type=\"widget\" data-widget_type=\"heading.default\">\n<div class=\"elementor-widget-container\">\n<div class=\"elementor-element elementor-element-bed0478 e-con-full e-flex e-con e-child\" data-id=\"bed0478\" data-element_type=\"container\" data-settings=\"{&quot;content_width&quot;:&quot;full&quot;,&quot;container_type&quot;:&quot;flex&quot;}\">\n<div class=\"elementor-element elementor-element-11acd53 elementor-widget elementor-widget-text-editor\" data-id=\"11acd53\" data-element_type=\"widget\" data-widget_type=\"text-editor.default\">\n<div class=\"elementor-widget-container\">\n<p>Wartung 2x gratis*:<br \/><span><\/p>\n<p>Beim online Kauf* eines SMARTbike\u00ae erstatten wir zwei Mal Werkstattkosten bis zu 50 Euro, falls sie innerhalb von drei Monaten nach Kauf oder bis zu 1 Jahr nach Kauf ein Einstellproblem haben.\u00a0<\/span><\/p>\n<p>Lassen sie es von einer beliebigen Werkstatt in Ordnung bringen. Dann reichen Sie uns lediglich die SMARTbike Originalrechnung und die Werkstattrechnung ein. (*Entf\u00e4llt bei preisreduziertem Lagerverkauf)<\/p>\n<p><span>Garantie:<br \/><\/span><span>Zwei Jahre nach Kauf, au\u00dfer auf Verschlei\u00dfteile, 1 Jahr auf\u00a0<\/span><span>den Akku.<\/span><\/p>\n<\/div>\n<\/div>\n<\/div>\n<div class=\"elementor-element elementor-element-f04548b elementor-widget elementor-widget-spacer\" data-id=\"f04548b\" data-element_type=\"widget\" data-widget_type=\"spacer.default\">\n<div class=\"elementor-widget-container\">\n<div class=\"elementor-spacer\"><\/div>\n<\/div>\n<\/div>\n<\/div>\n<\/div>\n<\/div>\n<\/div>\n<div>\n<div class=\"elementor-element elementor-element-f3cd22f e-flex e-con-boxed e-con e-parent\" data-id=\"f3cd22f\" data-element_type=\"container\" data-settings=\"{&quot;container_type&quot;:&quot;flex&quot;,&quot;content_width&quot;:&quot;boxed&quot;}\" data-core-v316-plus=\"true\">\n<div class=\"e-con-inner\">\n<div class=\"elementor-element elementor-element-e4b02dd elementor-widget elementor-widget-heading\" data-id=\"e4b02dd\" data-element_type=\"widget\" data-widget_type=\"heading.default\">\n<div class=\"elementor-widget-container\">\n<p class=\"elementor-heading-title elementor-size-default\" style=\"text-align: center;\"><strong>Bike Leasing: eBike \u00fcber den Arbeitgeber finanzieren! Auch f\u00fcr Selbstst\u00e4ndige:<\/strong><\/p>\n<\/div>\n<\/div>\n<\/div>\n<\/div>\n<\/div>\n<p><img decoding=\"async\" src=\"\/wp-content\/uploads\/2024\/03\/Screenshot_5.png\" alt=\"\"><br \/>\n<img decoding=\"async\" src=\"\/wp-content\/uploads\/2024\/02\/Gruppe-335.png\" alt=\"\"><br \/>\n<img decoding=\"async\" src=\"\/wp-content\/uploads\/2024\/03\/BIG-Foot_cv-01.png\" alt=\"\"><\/p>\n<div>\n<div class=\"elementor-element elementor-element-07873bb elementor-widget elementor-widget-heading\" data-id=\"07873bb\" data-element_type=\"widget\" data-widget_type=\"heading.default\">\n<div class=\"elementor-widget-container\">\n<h2 class=\"elementor-heading-title elementor-size-default\">ab 2.398\u20ac<\/h2>\n<\/div>\n<\/div>\n<div class=\"elementor-element elementor-element-c55441c elementor-widget elementor-widget-text-editor\" data-id=\"c55441c\" data-element_type=\"widget\" data-widget_type=\"text-editor.default\">\n<div class=\"elementor-widget-container\">\n<p>(inkl. 19% MwSt.)<\/p>\n<\/div>\n<\/div>\n<\/div>\n<div>\n<div class=\"elementor-element elementor-element-32c755e elementor-widget elementor-widget-text-editor\" data-id=\"32c755e\" data-element_type=\"widget\" data-widget_type=\"text-editor.default\">\n<div class=\"elementor-widget-container\">\n<p style=\"text-align: center;\"><b>Gewicht<\/b><\/p>\n<\/div>\n<\/div>\n<div class=\"elementor-element elementor-element-7c92df8 elementor-widget elementor-widget-text-editor\" data-id=\"7c92df8\" data-element_type=\"widget\" data-widget_type=\"text-editor.default\">\n<div class=\"elementor-widget-container\">\n<p style=\"text-align: center;\">25,5 kg\/30 kg mit Akku<\/p>\n<p style=\"text-align: center;\"><b>Motor<\/b><br \/>48 V\/250 Watt SXF-Motor<\/p>\n<p style=\"text-align: center;\"><b>Display<\/b><br \/>LCD Display<\/p>\n<p style=\"text-align: center;\"><b>Bremsen<\/b><br \/>Hydraulische Scheibenbremsen<br \/>(TEKTRO)<\/p>\n<p style=\"text-align: center;\"><b>Gangschaltung<\/b><br \/>7 G\u00e4nge Kettenschalftung<br \/>(SHIMANO Rapid-Fire-System)<\/p>\n<p style=\"text-align: center;\"><b>Reifen<\/b><br \/>4 Zoll BigFoot Reifen<\/p>\n<p style=\"text-align: center;\"><b>Profil<\/b><br \/>Sand, Stra\u00dfe, Kies, fester Schnee<\/p>\n<\/div>\n<\/div>\n<\/div>\n<p>\n    <a href=\"\/index.php?page_id=2042\">Jetzt anschauen<\/a>\n<\/p>\n<p><img decoding=\"async\" src=\"\/wp-content\/uploads\/2024\/03\/SHARK4_links.png\" alt=\"\"><br \/>\n<img decoding=\"async\" src=\"\/wp-content\/uploads\/2024\/03\/shark24.png\" alt=\"\"><\/p>\n<div>\n<div class=\"elementor-element elementor-element-07873bb elementor-widget elementor-widget-heading\" data-id=\"07873bb\" data-element_type=\"widget\" data-widget_type=\"heading.default\">\n<div class=\"elementor-widget-container\">\n<h2 class=\"elementor-heading-title elementor-size-default\">ab 2.498\u20ac<\/h2>\n<\/div>\n<\/div>\n<div class=\"elementor-element elementor-element-c55441c elementor-widget elementor-widget-text-editor\" data-id=\"c55441c\" data-element_type=\"widget\" data-widget_type=\"text-editor.default\">\n<div class=\"elementor-widget-container\">\n<p>(inkl. 19% MwSt.)<\/p>\n<\/div>\n<\/div>\n<\/div>\n<div>\n<div class=\"elementor-element elementor-element-32c755e elementor-widget elementor-widget-text-editor\" data-id=\"32c755e\" data-element_type=\"widget\" data-widget_type=\"text-editor.default\">\n<div class=\"elementor-widget-container\">\n<p style=\"text-align: center;\"><b>Gewicht<\/b><br \/>25,5 kg\/30 kg mit Akku<\/p>\n<p style=\"text-align: center;\"><b>Motor<\/b><br \/>48 V\/250 Watt SXF-Motor<\/p>\n<p style=\"text-align: center;\"><b>Display<\/b><br \/>LCD Farbdisplay<\/p>\n<p style=\"text-align: center;\"><b>Bremsen<\/b><br \/>Hydraulische Scheibenbremsen<br \/>(TEKTRO)<\/p>\n<p style=\"text-align: center;\"><b>Gangschaltung<\/b><br \/>7 G\u00e4nge Kettenschalftung<br \/>(SHIMANO Rapid-Fire-System)<\/p>\n<p style=\"text-align: center;\"><b>Reifen<\/b><br \/><span>Shark 3: 3 Zoll Hochleistungsreifen<br \/>Shark 4: 4 Zoll BigFoot Reifen<\/span><\/p>\n<p style=\"text-align: center;\"><span><b>Profil<br \/><\/b><\/span><span>Sand, Stra\u00dfe, Kies, fester Schnee<\/span><\/p>\n<\/div>\n<\/div>\n<\/div>\n<p>\n    <a href=\"\/index.php?page_id=2098\">Jetzt anschauen<\/a>\n<\/p>\n<p><img decoding=\"async\" src=\"\/wp-content\/uploads\/2024\/03\/Blackred.png\" alt=\"\"><br \/>\n<img decoding=\"async\" src=\"\/wp-content\/uploads\/2024\/03\/premium25.png\" alt=\"\"><\/p>\n<div><\/div>\n<div>\n<div class=\"elementor-element elementor-element-07873bb elementor-widget elementor-widget-heading\" data-id=\"07873bb\" data-element_type=\"widget\" data-widget_type=\"heading.default\">\n<div class=\"elementor-widget-container\">\n<h2 class=\"elementor-heading-title elementor-size-default\">ab 2.398\u20ac<\/h2>\n<\/div>\n<\/div>\n<div class=\"elementor-element elementor-element-c55441c elementor-widget elementor-widget-text-editor\" data-id=\"c55441c\" data-element_type=\"widget\" data-widget_type=\"text-editor.default\">\n<div class=\"elementor-widget-container\">\n<p>(inkl. 19% MwSt.)<\/p>\n<\/div>\n<\/div>\n<\/div>\n<div>\n<div class=\"elementor-element elementor-element-32c755e elementor-widget elementor-widget-text-editor\" data-id=\"32c755e\" data-element_type=\"widget\" data-widget_type=\"text-editor.default\">\n<div class=\"elementor-widget-container\">\n<p style=\"text-align: center;\"><b>Gewicht<\/b><br \/>25,5 kg\/30 kg mit Akku<\/p>\n<p style=\"text-align: center;\"><b>Motor<\/b><br \/>48 V\/250 Watt SXF-Motor<\/p>\n<p style=\"text-align: center;\"><b>Display<\/b><br \/>LCD Farbdisplay<\/p>\n<p style=\"text-align: center;\"><b>Bremsen<\/b><br \/>Hydraulische Scheibenbremsen<br \/>(TEKTRO)<\/p>\n<p style=\"text-align: center;\"><b>Gangschaltung<\/b><br \/>7 G\u00e4nge Kettenschalftung<br \/>(SHIMANO Rapid-Fire-System)<\/p>\n<p style=\"text-align: center;\"><b>Reifen<\/b><br \/>3 Zoll Hochleistungsreifen<\/p>\n<p style=\"text-align: center;\"><b>Profil<\/b><br \/>Sand, Stra\u00dfe, Kies, fester Schnee<\/p>\n<\/div>\n<\/div>\n<\/div>\n<p>\n    <a href=\"\/index.php?page_id=2158\">Jetzt anschauen<\/a>\n<\/p>\n<p><!--more--><br \/>\n<!-- {\"type\":\"layout\",\"children\":[{\"type\":\"section\",\"props\":{\"image_position\":\"center-center\",\"style\":\"default\",\"title_breakpoint\":\"xl\",\"title_position\":\"top-left\",\"title_rotation\":\"left\",\"vertical_align\":\"middle\",\"width\":\"default\"},\"children\":[{\"type\":\"row\",\"children\":[{\"type\":\"column\",\"props\":{\"image_position\":\"center-center\",\"position_sticky_breakpoint\":\"m\",\"width_medium\":\"1-2\"},\"children\":[{\"type\":\"image\",\"props\":{\"image\":\"wp-content\\\/uploads\\\/2024\\\/03\\\/Blackred-2.png\",\"image_svg_color\":\"emphasis\",\"margin\":\"default\"}}]},{\"type\":\"column\",\"props\":{\"image_position\":\"center-center\",\"position_sticky_breakpoint\":\"m\",\"width_medium\":\"1-2\"},\"children\":[{\"type\":\"fragment\",\"props\":{\"margin\":\"default\"},\"children\":[{\"type\":\"row\",\"props\":{\"layout\":\"1-2,1-2\"},\"children\":[{\"type\":\"column\",\"props\":{\"image_position\":\"center-center\",\"position_sticky_breakpoint\":\"m\",\"width_medium\":\"1-2\"},\"children\":[{\"type\":\"text\",\"props\":{\"column_breakpoint\":\"m\",\"content\":\"\n\n<p><span>Das E-Bike mit dem stabilen Standardrahmen<\\\/span><\\\/p>\",\"margin\":\"default\",\"text_style\":\"meta\"}},{\"type\":\"image\",\"props\":{\"image\":\"wp-content\\\/uploads\\\/2024\\\/03\\\/premium25.png\",\"image_svg_color\":\"emphasis\",\"margin\":\"default\"}}]},{\"type\":\"column\",\"props\":{\"image_position\":\"center-center\",\"position_sticky_breakpoint\":\"m\",\"width_medium\":\"1-2\"},\"children\":[{\"type\":\"text\",\"props\":{\"column_breakpoint\":\"m\",\"content\":\"\n\n<p><strong>f\\u00fcr 2.398\\u20ac<\\\/strong> (inkl. 19% MwSt)<\\\/p>\",\"margin\":\"default\",\"text_style\":\"meta\"}},{\"type\":\"button\",\"props\":{\"grid_column_gap\":\"small\",\"grid_row_gap\":\"small\",\"id\":\"buy\",\"margin\":\"default\"},\"children\":[{\"type\":\"button_item\",\"props\":{\"button_style\":\"default\",\"content\":\"Jetzt Kaufen\",\"icon_align\":\"left\",\"link\":\"#kaufen\"}}]}]}]}]},{\"name\":\"Gallery Masonry\",\"type\":\"gallery\",\"children\":[{\"type\":\"gallery_item\",\"props\":{\"image\":\"wp-content\\\/uploads\\\/2024\\\/03\\\/Premium_Blackred_1000-1.png\",\"title\":\"Premium_Blackred_1000\"}},{\"type\":\"gallery_item\",\"props\":{\"image\":\"wp-content\\\/uploads\\\/2024\\\/03\\\/wrgtw-1.png\",\"title\":\"wrgtw\"}},{\"type\":\"gallery_item\",\"props\":{\"image\":\"wp-content\\\/uploads\\\/2024\\\/03\\\/Premium_Blackred_-1-1.png\",\"title\":\"Premium_Blackred_-1\"}},{\"type\":\"gallery_item\",\"props\":{\"image\":\"wp-content\\\/uploads\\\/2024\\\/03\\\/Premium_Blackred_-2-1.png\",\"title\":\"Premium_Blackred_-2\"}}],\"props\":{\"filter\":false,\"filter_align\":\"center\",\"filter_all\":true,\"filter_grid_breakpoint\":\"m\",\"filter_grid_width\":\"auto\",\"filter_margin\":\"large\",\"filter_position\":\"top\",\"filter_style\":\"subnav\",\"grid_column_gap\":\"small\",\"grid_default\":\"1\",\"grid_masonry\":\"pack\",\"grid_medium\":\"2\",\"grid_row_gap\":\"small\",\"grid_small\":\"2\",\"image_width\":\"610\",\"item_animation\":true,\"link_style\":\"default\",\"link_text\":\"\",\"margin\":\"default\",\"meta_align\":\"above-title\",\"meta_element\":\"div\",\"meta_style\":\"text-meta\",\"overlay_hover\":true,\"overlay_link\":true,\"overlay_mode\":\"caption\",\"overlay_position\":\"bottom\",\"overlay_style\":\"overlay-default\",\"overlay_transition\":\"slide-bottom-small\",\"parallax_easing\":\"1\",\"show_content\":true,\"show_hover_image\":true,\"show_link\":true,\"show_meta\":true,\"show_title\":false,\"text_align\":\"\",\"text_color\":\"\",\"title_element\":\"h2\",\"title_hover_style\":\"reset\",\"title_margin\":\"small\",\"title_style\":\"h4\"}}]}],\"props\":{\"layout\":\"1-2,1-2\"}}]},{\"type\":\"section\",\"props\":{\"image_position\":\"center-center\",\"style\":\"muted\",\"title_breakpoint\":\"xl\",\"title_position\":\"top-left\",\"title_rotation\":\"left\",\"vertical_align\":\"middle\",\"width\":\"default\"},\"children\":[{\"type\":\"row\",\"props\":{\"layout\":\"1-2,1-2\"},\"children\":[{\"type\":\"column\",\"props\":{\"image_position\":\"center-center\",\"position_sticky_breakpoint\":\"m\",\"width_medium\":\"1-2\"},\"children\":[{\"type\":\"image\",\"props\":{\"image\":\"wp-content\\\/uploads\\\/2024\\\/03\\\/USP1@2x-1024x362-1.png\",\"image_svg_color\":\"emphasis\",\"margin\":\"default\"}}]},{\"type\":\"column\",\"props\":{\"image_position\":\"center-center\",\"position_sticky_breakpoint\":\"m\",\"width_medium\":\"1-2\"},\"children\":[{\"type\":\"image\",\"props\":{\"image\":\"wp-content\\\/uploads\\\/2024\\\/03\\\/BigFoot-USPs@2x-1024x381-1.png\",\"image_svg_color\":\"emphasis\",\"margin\":\"default\"}}]}]}]},{\"type\":\"section\",\"props\":{\"image_position\":\"center-center\",\"style\":\"default\",\"title_breakpoint\":\"xl\",\"title_position\":\"top-left\",\"title_rotation\":\"left\",\"vertical_align\":\"middle\",\"width\":\"default\"},\"children\":[{\"type\":\"row\",\"children\":[{\"type\":\"column\",\"props\":{\"image_position\":\"center-center\",\"position_sticky_breakpoint\":\"m\"},\"children\":[{\"type\":\"image\",\"props\":{\"id\":\"kaufen\",\"image\":\"wp-content\\\/uploads\\\/2024\\\/03\\\/bbbb.png\",\"image_svg_color\":\"emphasis\",\"margin\":\"default\",\"text_align\":\"center\"}}]}]},{\"type\":\"row\",\"children\":[{\"type\":\"column\",\"props\":{\"image_position\":\"center-center\",\"position_sticky_breakpoint\":\"m\"},\"children\":[{\"type\":\"fragment\",\"props\":{\"margin\":\"default\"},\"children\":[{\"type\":\"row\",\"props\":{\"layout\":\"1-3,1-3,1-3\"},\"children\":[{\"type\":\"column\",\"props\":{\"image_position\":\"center-center\",\"position_sticky_breakpoint\":\"m\",\"width_medium\":\"1-3\"},\"children\":[{\"name\":\"bescher\",\"type\":\"panel\",\"props\":{\"block_align\":\"center\",\"content\":\"\",\"content_column_breakpoint\":\"m\",\"content_margin\":\"small\",\"icon_width\":80,\"image\":\"\",\"image_align\":\"top\",\"image_grid_breakpoint\":\"m\",\"image_grid_width\":\"1-2\",\"image_svg_color\":\"primary\",\"image_svg_inline\":true,\"image_width\":50,\"link_style\":\"default\",\"link_text\":\"Jetzt kaufen\",\"margin\":\"default\",\"meta\":\"\",\"meta_align\":\"above-title\",\"meta_element\":\"div\",\"meta_style\":\"text-meta\",\"panel_card_image\":false,\"panel_padding\":\"default\",\"panel_style\":\"card-primary\",\"title\":\"Verf\\u00fcgbar in 3 Farben:\",\"title_align\":\"top\",\"title_element\":\"h3\",\"title_grid_breakpoint\":\"m\",\"title_grid_width\":\"1-2\",\"title_hover_style\":\"reset\"}},{\"type\":\"yoo_spacer\",\"props\":{\"spacer_element\":\"div\",\"spacer_height\":25}},{\"type\":\"fragment\",\"props\":{\"css\":\".el-element {\\n    background-color: #467948;\\n    padding: 20px;\\n    border-radius: 10px;\\n}\",\"margin\":\"default\"},\"children\":[{\"type\":\"row\",\"props\":{\"layout\":\"1-5,1-5,1-5,1-5,1-5|1-2,1-2,1-3,1-3,1-3\"},\"children\":[{\"type\":\"column\",\"props\":{\"image_position\":\"center-center\",\"position_sticky_breakpoint\":\"m\",\"width_medium\":\"1-5\",\"width_small\":\"1-2\"},\"children\":[{\"type\":\"image\",\"props\":{\"image\":\"wp-content\\\/uploads\\\/2024\\\/03\\\/Gruppe-249@2x.png\",\"image_svg_color\":\"emphasis\",\"link\":\"index.php?page_id=2158\",\"margin\":\"default\"}}]},{\"type\":\"column\",\"props\":{\"image_position\":\"center-center\",\"position_sticky_breakpoint\":\"m\",\"width_medium\":\"1-5\",\"width_small\":\"1-2\"},\"children\":[{\"type\":\"image\",\"props\":{\"image\":\"wp-content\\\/uploads\\\/2024\\\/03\\\/Gruppe-242@2x.png\",\"image_svg_color\":\"emphasis\",\"link\":\"index.php?page_id=2161\",\"margin\":\"default\"}}]},{\"type\":\"column\",\"props\":{\"image_position\":\"center-center\",\"position_sticky_breakpoint\":\"m\",\"width_medium\":\"1-5\",\"width_small\":\"1-3\"},\"children\":[{\"type\":\"image\",\"props\":{\"image\":\"wp-content\\\/uploads\\\/2024\\\/03\\\/Gruppe-243@2x.png\",\"image_svg_color\":\"emphasis\",\"link\":\"index.php?page_id=2163\",\"margin\":\"default\"}}]},{\"type\":\"column\",\"props\":{\"image_position\":\"center-center\",\"position_sticky_breakpoint\":\"m\",\"width_medium\":\"1-5\",\"width_small\":\"1-3\"}},{\"type\":\"column\",\"props\":{\"image_position\":\"center-center\",\"position_sticky_breakpoint\":\"m\",\"width_medium\":\"1-5\",\"width_small\":\"1-3\"}}]}]},{\"type\":\"text\",\"props\":{\"column_breakpoint\":\"m\",\"content\":\"\n\n<p><strong>Im Kaufpreis inklusiv:<\\\/strong> <br \\\/>Gro\\u00dfe Tasche f\\u00fcr Gep\\u00e4cktr\\u00e4ger, Getr\\u00e4nkehalter mit Aluflasche, Werkzeugset, Luftpumpe, Zahlenschloss, stabile Wetterschutzh\\u00fclle, Ersatzbremsbel\\u00e4ge.<\\\/p>\",\"margin\":\"default\",\"text_style\":\"meta\"}}]},{\"type\":\"column\",\"props\":{\"image_position\":\"center-center\",\"position_sticky_breakpoint\":\"m\",\"width_medium\":\"1-3\"},\"children\":[{\"name\":\"bescher\",\"type\":\"panel\",\"props\":{\"block_align\":\"center\",\"content\":\"\n\n<p><img src=\\\"http:\\\/\\\/yootheme.my-smartbike.eu\\\/wp-content\\\/uploads\\\/2024\\\/03\\\/3.png\\\" alt=\\\"\\\" width=\\\"53\\\" height=\\\"81\\\" class=\\\"alignnone wp-image-2012 size-full\\\" \\\/><\\\/p>\",\"content_column_breakpoint\":\"m\",\"content_margin\":\"small\",\"icon_width\":80,\"image\":\"\",\"image_align\":\"top\",\"image_grid_breakpoint\":\"m\",\"image_grid_width\":\"1-2\",\"image_svg_color\":\"primary\",\"image_svg_inline\":true,\"image_width\":50,\"link_style\":\"default\",\"link_text\":\"Jetzt kaufen\",\"margin\":\"default\",\"meta\":\"\",\"meta_align\":\"above-title\",\"meta_element\":\"div\",\"meta_style\":\"text-meta\",\"panel_card_image\":false,\"panel_padding\":\"default\",\"panel_style\":\"card-primary\",\"title\":\"Verf\\u00fcgbar mit 1 Reifenart:\",\"title_align\":\"top\",\"title_element\":\"h3\",\"title_grid_breakpoint\":\"m\",\"title_grid_width\":\"1-2\",\"title_hover_style\":\"reset\"}}]},{\"type\":\"column\",\"props\":{\"image_position\":\"center-center\",\"position_sticky_breakpoint\":\"m\",\"width_medium\":\"1-3\"},\"children\":[{\"name\":\"bescher\",\"type\":\"panel\",\"props\":{\"block_align\":\"center\",\"content\":\"f\\u00fcr 2.398 \\u20ac (inkl. 19% MwSt.)\\n\",\"content_column_breakpoint\":\"m\",\"content_margin\":\"small\",\"icon_width\":80,\"image\":\"\",\"image_align\":\"top\",\"image_grid_breakpoint\":\"m\",\"image_grid_width\":\"1-2\",\"image_svg_color\":\"primary\",\"image_svg_inline\":true,\"image_width\":300,\"link\":\"https:\\\/\\\/drpulley.shopnix.de\\\/SMARTbike-faltbare-eBikes\\\/Unsere-SMARTbikes\\\/SMARTbike-PREMIUM-3-0-Faltbar-universell-fuer-alle-Strecken-3-Reifen::1500.html\",\"link_style\":\"default\",\"link_text\":\"Jetzt kaufen\",\"margin\":\"default\",\"meta\":\"\",\"meta_align\":\"above-title\",\"meta_element\":\"div\",\"meta_style\":\"text-meta\",\"panel_card_image\":false,\"panel_padding\":\"default\",\"panel_style\":\"card-primary\",\"title\":\"Das E-Bike mit dem stabilen Standardrahmen\",\"title_align\":\"top\",\"title_element\":\"h3\",\"title_grid_breakpoint\":\"m\",\"title_grid_width\":\"1-2\",\"title_hover_style\":\"reset\"}}]}]}]}]}]}]},{\"type\":\"section\",\"props\":{\"image_position\":\"center-center\",\"style\":\"muted\",\"title_breakpoint\":\"xl\",\"title_position\":\"top-left\",\"title_rotation\":\"left\",\"vertical_align\":\"middle\",\"width\":\"default\"},\"children\":[{\"type\":\"row\",\"props\":{\"layout\":\"1-2,1-2\"},\"children\":[{\"type\":\"column\",\"props\":{\"image_position\":\"center-center\",\"position_sticky_breakpoint\":\"m\",\"width_medium\":\"1-2\"},\"children\":[{\"type\":\"text\",\"props\":{\"column_breakpoint\":\"m\",\"content\":\"\n\n<h2 class=\\\"elementor-heading-title elementor-size-default\\\">Technische Daten<\\\/h2>\\n\n\n<p><br \\\/><br \\\/><br \\\/><br \\\/><br \\\/><br \\\/><br \\\/><br \\\/><br \\\/><br \\\/><br \\\/><br \\\/><br \\\/><br \\\/><\\\/p>\\n\n\n<p><\\\/p>\\n\n\n<p><\\\/p>\\n\n\n<h2 class=\\\"elementor-heading-title elementor-size-default\\\">Lieferumfang<\\\/h2>\",\"margin\":\"default\"}}]},{\"type\":\"column\",\"props\":{\"image_position\":\"center-center\",\"position_sticky_breakpoint\":\"m\",\"width_medium\":\"1-2\"},\"children\":[{\"type\":\"text\",\"props\":{\"column_breakpoint\":\"m\",\"content\":\"\n\n<div class=\\\"elementor-element elementor-element-d4c2413 e-con-full e-flex e-con e-child\\\" data-id=\\\"d4c2413\\\" data-element_type=\\\"container\\\" data-settings=\\\"{&quot;content_width&quot;:&quot;full&quot;,&quot;container_type&quot;:&quot;flex&quot;}\\\">\\n\n\n<div class=\\\"elementor-element elementor-element-e36ddd6 elementor-widget elementor-widget-heading\\\" data-id=\\\"e36ddd6\\\" data-element_type=\\\"widget\\\" data-widget_type=\\\"heading.default\\\">\\n\n\n<div class=\\\"elementor-widget-container\\\">\\n\n\n<p class=\\\"elementor-heading-title elementor-size-default\\\">Faltfunktion: 2-fach faltbarer Alurahmen<br \\\/>Felgen: 20 Zoll Alufelgen<br \\\/>Reifenbreite: 3 Zoll Hochleistungsreifen<br \\\/>Bremsen: hydraulische Scheibenbremsen (TEKTRO)<br \\\/>Licht: 80 Lumen LED Frontlicht, helles R\\u00fccklicht mit Bremslicht<br \\\/>Schaltung: 7 G\\u00e4nge Kettenschaltung (SHIMANA Rapid-Fire System)<br \\\/>Kette: rostfrei (KMC)<br \\\/>Motor: 48 V \\\/ 250 Watt Motor (SXF-Motors) mit 5 Unterst\\u00fctzungsstufen<br \\\/>Gasgriff: ohne Treten max. 6 km\\\/h<br \\\/>Akku: 48 V \\\/ 14,4 Ah \\\/ 690 Wh, wechselbar, mit Schl\\u00fcssel gesichert<br \\\/>Reichweite: 40-100 km<br \\\/>Display: gro\\u00dfes LCD Display mit USB Anschluss f\\u00fcr Handy oder Navi<br \\\/>Gewicht ohne Akku: ca. 25,5 kg (Akku ca. 4,5 kg)<br \\\/>Sattelh\\u00f6he: 86-112 cm<br \\\/>Lenkerh\\u00f6he: 115-125 cm<br \\\/>Packma\\u00dfe (gefaltet): 98x48x78 cm (LxBxH)<br \\\/>Zugelassenes Gesamtgewicht: 130kg<br \\\/>Belastung Gep\\u00e4cktr\\u00e4ger: 15kg<br \\\/>T\\u00dcV S\\u00fcd CE und EN15194 zertifiziert<\\\/p>\\n<\\\/div>\\n<\\\/div>\\n<\\\/div>\",\"margin\":\"default\"}},{\"type\":\"text\",\"props\":{\"column_breakpoint\":\"m\",\"content\":\"\n\n<div class=\\\"elementor-element elementor-element-d4c2413 e-con-full e-flex e-con e-child\\\" data-id=\\\"d4c2413\\\" data-element_type=\\\"container\\\" data-settings=\\\"{&quot;content_width&quot;:&quot;full&quot;,&quot;container_type&quot;:&quot;flex&quot;}\\\">\\n\n\n<div class=\\\"elementor-element elementor-element-e36ddd6 elementor-widget elementor-widget-heading\\\" data-id=\\\"e36ddd6\\\" data-element_type=\\\"widget\\\" data-widget_type=\\\"heading.default\\\">\\n\n\n<div class=\\\"elementor-widget-container\\\">\\n\n\n<p class=\\\"elementor-heading-title elementor-size-default\\\">E-Bike<br \\\/>Akku<br \\\/>Gro\\u00dfe Tasche f\\u00fcr Gep\\u00e4cktr\\u00e4ger<br \\\/>Getr\\u00e4nkehalter mit Aluflasche<br \\\/>Werkzeugset <br \\\/>Luftpumpe<br \\\/>Zahlenschloss<br \\\/>stabile Wetterschutzh\\u00fclle<br \\\/>Ersatzbremsbel\\u00e4ge<br \\\/>Handyhalterung gratis f\\u00fcr ein Foto<\\\/p>\\n<\\\/div>\\n<\\\/div>\\n<\\\/div>\",\"margin\":\"default\"}}]}]}]},{\"type\":\"section\",\"props\":{\"image_position\":\"center-center\",\"style\":\"default\",\"title_breakpoint\":\"xl\",\"title_position\":\"top-left\",\"title_rotation\":\"left\",\"vertical_align\":\"middle\",\"width\":\"default\"},\"children\":[{\"type\":\"row\",\"children\":[{\"type\":\"column\",\"props\":{\"image_position\":\"center-center\",\"position_sticky_breakpoint\":\"m\"},\"children\":[{\"type\":\"image\",\"props\":{\"image\":\"wp-content\\\/uploads\\\/2024\\\/03\\\/Gruppe-333@2x.png\",\"image_svg_color\":\"emphasis\",\"image_width\":500,\"margin\":\"default\",\"text_align\":\"center\"}}]}]}]},{\"type\":\"section\",\"props\":{\"image_position\":\"center-center\",\"style\":\"muted\",\"title_breakpoint\":\"xl\",\"title_position\":\"top-left\",\"title_rotation\":\"left\",\"vertical_align\":\"middle\",\"width\":\"default\"},\"children\":[{\"type\":\"row\",\"props\":{\"layout\":\"1-2,1-2\"},\"children\":[{\"type\":\"column\",\"props\":{\"image_position\":\"center-center\",\"position_sticky_breakpoint\":\"m\",\"width_medium\":\"1-2\"},\"children\":[{\"type\":\"text\",\"props\":{\"column_breakpoint\":\"m\",\"content\":\"\n\n<p>Zulassungs- und versicherungsfreies Pedelec<br \\\/>Technische Daten:<\\\/p>\\n\n\n<p>Mit Sicherheitsriegel 2-fach faltbarer Alurahmen, Alufelgen, hydraulische Scheibenbremsen (TEKTRO) vorne und hinten, 80 Lumen LED Front- und helles R\\u00fccklicht, echtes Bremslicht, 7 G\\u00e4nge Kettenschaltung (SHIMANO Rapid-Fire System), rostfreie Kette (KMC), kr\\u00e4ftiger 48 V\\\/250 Watt Motor (SXF-Motors) mit 5 digitalen Unterst\\u00fctzungsstufen, zus\\u00e4tzlich Gasgriff (ohne Treten max. 6km\\\/h Geschwindigkeit), starker leicht wechselbarer, mit Schl\\u00fcssel gesicherter Hochleistungsakku 48 V\\\/14,4 Ah, 690 Wh, (T\\u00dcV S\\u00fcd gepr\\u00fcft, mit BMS) St\\u00e4rkere oder Austauschakkus sind verf\\u00fcgbar. Reichweite je nach Strecke und Motorunterst\\u00fctzung 40-100 Kilometer, gro\\u00dfes LCD Farbdisplay, USB Anschluss f\\u00fcr Handy oder Navi. Eine Handyhalterung gibt es gratis gegen ein Foto (Infolink) !<\\\/p>\\n\n\n<p>Gewicht ohne Akku ca. 25,9kg., Akku ca 4kg. Sattelh\\u00f6he 86-112 cm, Lenkerh\\u00f6he 115-125 cm. Packma\\u00df gefaltet LxBxH: 98x48x78 cm. Zul. Gesamtgewicht bis 130 kg, Belastung Gep\\u00e4cktr\\u00e4ger 15 kg. T\\u00dcV S\\u00fcd CE und EN15194 zertifiziert.<\\\/p>\",\"margin\":\"default\"}}]},{\"type\":\"column\",\"props\":{\"image_position\":\"center-center\",\"position_sticky_breakpoint\":\"m\",\"width_medium\":\"1-2\"},\"children\":[{\"type\":\"text\",\"props\":{\"column_breakpoint\":\"m\",\"content\":\"\n\n<div class=\\\"elementor-element elementor-element-d4c2413 e-con-full e-flex e-con e-child\\\" data-id=\\\"d4c2413\\\" data-element_type=\\\"container\\\" data-settings=\\\"{&quot;content_width&quot;:&quot;full&quot;,&quot;container_type&quot;:&quot;flex&quot;}\\\">\\n\n\n<div class=\\\"elementor-element elementor-element-e36ddd6 elementor-widget elementor-widget-heading\\\" data-id=\\\"e36ddd6\\\" data-element_type=\\\"widget\\\" data-widget_type=\\\"heading.default\\\">\\n\n\n<div class=\\\"elementor-widget-container\\\">\\n\n\n<div class=\\\"elementor-element elementor-element-bed0478 e-con-full e-flex e-con e-child\\\" data-id=\\\"bed0478\\\" data-element_type=\\\"container\\\" data-settings=\\\"{&quot;content_width&quot;:&quot;full&quot;,&quot;container_type&quot;:&quot;flex&quot;}\\\">\\n\n\n<div class=\\\"elementor-element elementor-element-11acd53 elementor-widget elementor-widget-text-editor\\\" data-id=\\\"11acd53\\\" data-element_type=\\\"widget\\\" data-widget_type=\\\"text-editor.default\\\">\\n\n\n<div class=\\\"elementor-widget-container\\\">\\n\n\n<p>Wartung 2x gratis*:<br \\\/><span><br \\\/><br \\\/>Beim online Kauf* eines SMARTbike\\u00ae erstatten wir zwei Mal Werkstattkosten bis zu 50 Euro, falls sie innerhalb von drei Monaten nach Kauf oder bis zu 1 Jahr nach Kauf ein Einstellproblem haben.\\u00a0<\\\/span><\\\/p>\\n\n\n<p>Lassen sie es von einer beliebigen Werkstatt in Ordnung bringen. Dann reichen Sie uns lediglich die SMARTbike Originalrechnung und die Werkstattrechnung ein. (*Entf\\u00e4llt bei preisreduziertem Lagerverkauf)<\\\/p>\\n\n\n<p><span>Garantie:<br \\\/><\\\/span><span>Zwei Jahre nach Kauf, au\\u00dfer auf Verschlei\\u00dfteile, 1 Jahr auf\\u00a0<\\\/span><span>den Akku.<\\\/span><\\\/p>\\n<\\\/div>\\n<\\\/div>\\n<\\\/div>\\n\n\n<div class=\\\"elementor-element elementor-element-f04548b elementor-widget elementor-widget-spacer\\\" data-id=\\\"f04548b\\\" data-element_type=\\\"widget\\\" data-widget_type=\\\"spacer.default\\\">\\n\n\n<div class=\\\"elementor-widget-container\\\">\\n\n\n<div class=\\\"elementor-spacer\\\"><\\\/div>\\n<\\\/div>\\n<\\\/div>\\n<\\\/div>\\n<\\\/div>\\n<\\\/div>\",\"margin\":\"default\"}}]}]}]},{\"type\":\"section\",\"props\":{\"image_position\":\"center-center\",\"style\":\"default\",\"title_breakpoint\":\"xl\",\"title_position\":\"top-left\",\"title_rotation\":\"left\",\"vertical_align\":\"middle\",\"width\":\"default\"},\"children\":[{\"type\":\"row\",\"children\":[{\"type\":\"column\",\"props\":{\"image_position\":\"center-center\",\"position_sticky_breakpoint\":\"m\"},\"children\":[{\"type\":\"text\",\"props\":{\"column_breakpoint\":\"m\",\"content\":\"\n\n<div class=\\\"elementor-element elementor-element-f3cd22f e-flex e-con-boxed e-con e-parent\\\" data-id=\\\"f3cd22f\\\" data-element_type=\\\"container\\\" data-settings=\\\"{&quot;container_type&quot;:&quot;flex&quot;,&quot;content_width&quot;:&quot;boxed&quot;}\\\" data-core-v316-plus=\\\"true\\\">\\n\n\n<div class=\\\"e-con-inner\\\">\\n\n\n<div class=\\\"elementor-element elementor-element-e4b02dd elementor-widget elementor-widget-heading\\\" data-id=\\\"e4b02dd\\\" data-element_type=\\\"widget\\\" data-widget_type=\\\"heading.default\\\">\\n\n\n<div class=\\\"elementor-widget-container\\\">\\n\n\n<p class=\\\"elementor-heading-title elementor-size-default\\\" style=\\\"text-align: center;\\\"><strong>Bike Leasing: eBike \\u00fcber den Arbeitgeber finanzieren! Auch f\\u00fcr Selbstst\\u00e4ndige:<\\\/strong><\\\/p>\\n<\\\/div>\\n<\\\/div>\\n<\\\/div>\\n<\\\/div>\",\"css\":\".el-element {\\n    font-size: 20px;\\n}\",\"margin\":\"default\",\"text_color\":\"muted\"}}]}]},{\"type\":\"row\",\"children\":[{\"type\":\"column\",\"props\":{\"image_position\":\"center-center\",\"position_sticky_breakpoint\":\"m\"},\"children\":[{\"type\":\"image\",\"props\":{\"image\":\"wp-content\\\/uploads\\\/2024\\\/03\\\/Screenshot_5.png\",\"image_svg_color\":\"emphasis\",\"margin\":\"default\",\"text_align\":\"center\"}}]}]}]},{\"type\":\"section\",\"props\":{\"image_position\":\"center-center\",\"style\":\"default\",\"title_breakpoint\":\"xl\",\"title_position\":\"top-left\",\"title_rotation\":\"left\",\"vertical_align\":\"middle\",\"width\":\"default\"},\"children\":[{\"type\":\"row\",\"props\":{\"layout\":\"1-3,1-3,1-3\"},\"children\":[{\"type\":\"column\",\"props\":{\"image_position\":\"center-center\",\"position_sticky_breakpoint\":\"m\",\"width_medium\":\"1-3\"},\"children\":[{\"type\":\"image\",\"props\":{\"image\":\"wp-content\\\/uploads\\\/2024\\\/02\\\/Gruppe-335.png\",\"image_svg_color\":\"emphasis\",\"margin\":\"default\"}},{\"type\":\"image\",\"props\":{\"image\":\"wp-content\\\/uploads\\\/2024\\\/03\\\/BIG-Foot_cv-01.png\",\"image_svg_color\":\"emphasis\",\"margin\":\"default\",\"text_align\":\"center\"}},{\"type\":\"text\",\"props\":{\"column_breakpoint\":\"m\",\"content\":\"\n\n<div class=\\\"elementor-element elementor-element-07873bb elementor-widget elementor-widget-heading\\\" data-id=\\\"07873bb\\\" data-element_type=\\\"widget\\\" data-widget_type=\\\"heading.default\\\">\\n\n\n<div class=\\\"elementor-widget-container\\\">\\n\n\n<h2 class=\\\"elementor-heading-title elementor-size-default\\\">ab 2.398\\u20ac<\\\/h2>\\n<\\\/div>\\n<\\\/div>\\n\n\n<div class=\\\"elementor-element elementor-element-c55441c elementor-widget elementor-widget-text-editor\\\" data-id=\\\"c55441c\\\" data-element_type=\\\"widget\\\" data-widget_type=\\\"text-editor.default\\\">\\n\n\n<div class=\\\"elementor-widget-container\\\">\\n\n\n<p>(inkl. 19% MwSt.)<\\\/p>\\n<\\\/div>\\n<\\\/div>\",\"css\":\"h2 {\\n    color: black;\\n}\",\"margin\":\"default\",\"text_align\":\"center\",\"text_color\":\"muted\"}},{\"type\":\"text\",\"props\":{\"column_breakpoint\":\"m\",\"content\":\"\n\n<div class=\\\"elementor-element elementor-element-32c755e elementor-widget elementor-widget-text-editor\\\" data-id=\\\"32c755e\\\" data-element_type=\\\"widget\\\" data-widget_type=\\\"text-editor.default\\\">\\n\n\n<div class=\\\"elementor-widget-container\\\">\\n\n\n<p style=\\\"text-align: center;\\\"><b>Gewicht<\\\/b><\\\/p>\\n<\\\/div>\\n<\\\/div>\\n\n\n<div class=\\\"elementor-element elementor-element-7c92df8 elementor-widget elementor-widget-text-editor\\\" data-id=\\\"7c92df8\\\" data-element_type=\\\"widget\\\" data-widget_type=\\\"text-editor.default\\\">\\n\n\n<div class=\\\"elementor-widget-container\\\">\\n\n\n<p style=\\\"text-align: center;\\\">25,5 kg\\\/30 kg mit Akku<\\\/p>\\n\n\n<p style=\\\"text-align: center;\\\"><b>Motor<\\\/b><br \\\/>48 V\\\/250 Watt SXF-Motor<\\\/p>\\n\n\n<p style=\\\"text-align: center;\\\"><b>Display<\\\/b><br \\\/>LCD Display<\\\/p>\\n\n\n<p style=\\\"text-align: center;\\\"><b>Bremsen<\\\/b><br \\\/>Hydraulische Scheibenbremsen<br \\\/>(TEKTRO)<\\\/p>\\n\n\n<p style=\\\"text-align: center;\\\"><b>Gangschaltung<\\\/b><br \\\/>7 G\\u00e4nge Kettenschalftung<br \\\/>(SHIMANO Rapid-Fire-System)<\\\/p>\\n\n\n<p style=\\\"text-align: center;\\\"><b>Reifen<\\\/b><br \\\/>4 Zoll BigFoot Reifen<\\\/p>\\n\n\n<p style=\\\"text-align: center;\\\"><b>Profil<\\\/b><br \\\/>Sand, Stra\\u00dfe, Kies, fester Schnee<\\\/p>\\n<\\\/div>\\n<\\\/div>\",\"margin\":\"default\",\"text_color\":\"muted\"}},{\"type\":\"button\",\"props\":{\"grid_column_gap\":\"small\",\"grid_row_gap\":\"small\",\"margin\":\"default\",\"text_align\":\"center\"},\"children\":[{\"type\":\"button_item\",\"props\":{\"button_style\":\"default\",\"content\":\"Jetzt anschauen\",\"icon_align\":\"left\",\"link\":\"index.php?page_id=2042\"}}]}]},{\"type\":\"column\",\"props\":{\"image_position\":\"center-center\",\"position_sticky_breakpoint\":\"m\",\"width_medium\":\"1-3\"},\"children\":[{\"type\":\"image\",\"props\":{\"image\":\"wp-content\\\/uploads\\\/2024\\\/03\\\/SHARK4_links.png\",\"image_svg_color\":\"emphasis\",\"margin\":\"default\"}},{\"type\":\"image\",\"props\":{\"image\":\"wp-content\\\/uploads\\\/2024\\\/03\\\/shark24.png\",\"image_svg_color\":\"emphasis\",\"margin\":\"default\"}},{\"type\":\"text\",\"props\":{\"column_breakpoint\":\"m\",\"content\":\"\n\n<div class=\\\"elementor-element elementor-element-07873bb elementor-widget elementor-widget-heading\\\" data-id=\\\"07873bb\\\" data-element_type=\\\"widget\\\" data-widget_type=\\\"heading.default\\\">\\n\n\n<div class=\\\"elementor-widget-container\\\">\\n\n\n<h2 class=\\\"elementor-heading-title elementor-size-default\\\">ab 2.498\\u20ac<\\\/h2>\\n<\\\/div>\\n<\\\/div>\\n\n\n<div class=\\\"elementor-element elementor-element-c55441c elementor-widget elementor-widget-text-editor\\\" data-id=\\\"c55441c\\\" data-element_type=\\\"widget\\\" data-widget_type=\\\"text-editor.default\\\">\\n\n\n<div class=\\\"elementor-widget-container\\\">\\n\n\n<p>(inkl. 19% MwSt.)<\\\/p>\\n<\\\/div>\\n<\\\/div>\",\"css\":\"h2 {\\n    color: black;\\n}\",\"margin\":\"default\",\"text_align\":\"center\",\"text_color\":\"muted\"}},{\"type\":\"text\",\"props\":{\"column_breakpoint\":\"m\",\"content\":\"\n\n<div class=\\\"elementor-element elementor-element-32c755e elementor-widget elementor-widget-text-editor\\\" data-id=\\\"32c755e\\\" data-element_type=\\\"widget\\\" data-widget_type=\\\"text-editor.default\\\">\\n\n\n<div class=\\\"elementor-widget-container\\\">\\n\n\n<p style=\\\"text-align: center;\\\"><b>Gewicht<\\\/b><br \\\/>25,5 kg\\\/30 kg mit Akku<\\\/p>\\n\n\n<p style=\\\"text-align: center;\\\"><b>Motor<\\\/b><br \\\/>48 V\\\/250 Watt SXF-Motor<\\\/p>\\n\n\n<p style=\\\"text-align: center;\\\"><b>Display<\\\/b><br \\\/>LCD Farbdisplay<\\\/p>\\n\n\n<p style=\\\"text-align: center;\\\"><b>Bremsen<\\\/b><br \\\/>Hydraulische Scheibenbremsen<br \\\/>(TEKTRO)<\\\/p>\\n\n\n<p style=\\\"text-align: center;\\\"><b>Gangschaltung<\\\/b><br \\\/>7 G\\u00e4nge Kettenschalftung<br \\\/>(SHIMANO Rapid-Fire-System)<\\\/p>\\n\n\n<p style=\\\"text-align: center;\\\"><b>Reifen<\\\/b><br \\\/><span>Shark 3: 3 Zoll Hochleistungsreifen<br \\\/>Shark 4: 4 Zoll BigFoot Reifen<\\\/span><\\\/p>\\n\n\n<p style=\\\"text-align: center;\\\"><span><b>Profil<br \\\/><\\\/b><\\\/span><span>Sand, Stra\\u00dfe, Kies, fester Schnee<\\\/span><\\\/p>\\n<\\\/div>\\n<\\\/div>\",\"margin\":\"default\",\"text_color\":\"muted\"}},{\"type\":\"button\",\"props\":{\"grid_column_gap\":\"small\",\"grid_row_gap\":\"small\",\"margin\":\"default\",\"text_align\":\"center\"},\"children\":[{\"type\":\"button_item\",\"props\":{\"button_style\":\"default\",\"content\":\"Jetzt anschauen\",\"icon_align\":\"left\",\"link\":\"index.php?page_id=2098\"}}]}]},{\"type\":\"column\",\"props\":{\"image_position\":\"center-center\",\"position_sticky_breakpoint\":\"m\",\"width_medium\":\"1-3\"},\"children\":[{\"type\":\"image\",\"props\":{\"image\":\"wp-content\\\/uploads\\\/2024\\\/03\\\/Blackred.png\",\"image_svg_color\":\"emphasis\",\"margin\":\"default\"}},{\"type\":\"image\",\"props\":{\"image\":\"wp-content\\\/uploads\\\/2024\\\/03\\\/premium25.png\",\"image_svg_color\":\"emphasis\",\"margin\":\"default\"}},{\"type\":\"yoo_spacer\",\"props\":{\"spacer_element\":\"div\",\"spacer_height\":125}},{\"type\":\"text\",\"props\":{\"column_breakpoint\":\"m\",\"content\":\"\n\n<div class=\\\"elementor-element elementor-element-07873bb elementor-widget elementor-widget-heading\\\" data-id=\\\"07873bb\\\" data-element_type=\\\"widget\\\" data-widget_type=\\\"heading.default\\\">\\n\n\n<div class=\\\"elementor-widget-container\\\">\\n\n\n<h2 class=\\\"elementor-heading-title elementor-size-default\\\">ab 2.398\\u20ac<\\\/h2>\\n<\\\/div>\\n<\\\/div>\\n\n\n<div class=\\\"elementor-element elementor-element-c55441c elementor-widget elementor-widget-text-editor\\\" data-id=\\\"c55441c\\\" data-element_type=\\\"widget\\\" data-widget_type=\\\"text-editor.default\\\">\\n\n\n<div class=\\\"elementor-widget-container\\\">\\n\n\n<p>(inkl. 19% MwSt.)<\\\/p>\\n<\\\/div>\\n<\\\/div>\",\"css\":\"h2 {\\n    color: black;\\n}\",\"margin\":\"default\",\"text_align\":\"center\",\"text_color\":\"muted\"}},{\"type\":\"text\",\"props\":{\"column_breakpoint\":\"m\",\"content\":\"\n\n<div class=\\\"elementor-element elementor-element-32c755e elementor-widget elementor-widget-text-editor\\\" data-id=\\\"32c755e\\\" data-element_type=\\\"widget\\\" data-widget_type=\\\"text-editor.default\\\">\\n\n\n<div class=\\\"elementor-widget-container\\\">\\n\n\n<p style=\\\"text-align: center;\\\"><b>Gewicht<\\\/b><br \\\/>25,5 kg\\\/30 kg mit Akku<\\\/p>\\n\n\n<p style=\\\"text-align: center;\\\"><b>Motor<\\\/b><br \\\/>48 V\\\/250 Watt SXF-Motor<\\\/p>\\n\n\n<p style=\\\"text-align: center;\\\"><b>Display<\\\/b><br \\\/>LCD Farbdisplay<\\\/p>\\n\n\n<p style=\\\"text-align: center;\\\"><b>Bremsen<\\\/b><br \\\/>Hydraulische Scheibenbremsen<br \\\/>(TEKTRO)<\\\/p>\\n\n\n<p style=\\\"text-align: center;\\\"><b>Gangschaltung<\\\/b><br \\\/>7 G\\u00e4nge Kettenschalftung<br \\\/>(SHIMANO Rapid-Fire-System)<\\\/p>\\n\n\n<p style=\\\"text-align: center;\\\"><b>Reifen<\\\/b><br \\\/>3 Zoll Hochleistungsreifen<\\\/p>\\n\n\n<p style=\\\"text-align: center;\\\"><b>Profil<\\\/b><br \\\/>Sand, Stra\\u00dfe, Kies, fester Schnee<\\\/p>\\n<\\\/div>\\n<\\\/div>\",\"margin\":\"default\",\"text_color\":\"muted\"}},{\"type\":\"button\",\"props\":{\"grid_column_gap\":\"small\",\"grid_row_gap\":\"small\",\"margin\":\"default\",\"text_align\":\"center\"},\"children\":[{\"type\":\"button_item\",\"props\":{\"button_style\":\"default\",\"content\":\"Jetzt anschauen\",\"icon_align\":\"left\",\"link\":\"index.php?page_id=2158\"}}]}]}]}]}],\"version\":\"4.3.8\",\"yooessentialsVersion\":\"2.2.7\"} --><\/p>\n","protected":false},"excerpt":{"rendered":"<p>Das E-Bike mit dem stabilen Standardrahmen f\u00fcr 2.398\u20ac (inkl. 19% MwSt) Jetzt Kaufen Premium_Blackred_1000 wrgtw Premium_Blackred_-1 Premium_Blackred_-2 Verf\u00fcgbar in 3 Farben: Im Kaufpreis inklusiv: Gro\u00dfe Tasche f\u00fcr Gep\u00e4cktr\u00e4ger, Getr\u00e4nkehalter mit Aluflasche, Werkzeugset, Luftpumpe, Zahlenschloss, stabile Wetterschutzh\u00fclle, Ersatzbremsbel\u00e4ge. Verf\u00fcgbar mit 1 Reifenart: Das E-Bike mit dem stabilen Standardrahmen f\u00fcr 2.398 \u20ac (inkl. 19% MwSt.) Jetzt kaufen [&hellip;]<\/p>\n","protected":false},"author":1,"featured_media":0,"parent":0,"menu_order":0,"comment_status":"closed","ping_status":"closed","template":"","meta":{"_acf_changed":false,"footnotes":""},"class_list":["post-1672","page","type-page","status-publish","hentry"],"acf":[],"_links":{"self":[{"href":"https:\/\/my-smartbike.eu\/index.php?rest_route=\/wp\/v2\/pages\/1672","targetHints":{"allow":["GET"]}}],"collection":[{"href":"https:\/\/my-smartbike.eu\/index.php?rest_route=\/wp\/v2\/pages"}],"about":[{"href":"https:\/\/my-smartbike.eu\/index.php?rest_route=\/wp\/v2\/types\/page"}],"author":[{"embeddable":true,"href":"https:\/\/my-smartbike.eu\/index.php?rest_route=\/wp\/v2\/users\/1"}],"replies":[{"embeddable":true,"href":"https:\/\/my-smartbike.eu\/index.php?rest_route=%2Fwp%2Fv2%2Fcomments&post=1672"}],"version-history":[{"count":20,"href":"https:\/\/my-smartbike.eu\/index.php?rest_route=\/wp\/v2\/pages\/1672\/revisions"}],"predecessor-version":[{"id":2816,"href":"https:\/\/my-smartbike.eu\/index.php?rest_route=\/wp\/v2\/pages\/1672\/revisions\/2816"}],"wp:attachment":[{"href":"https:\/\/my-smartbike.eu\/index.php?rest_route=%2Fwp%2Fv2%2Fmedia&parent=1672"}],"curies":[{"name":"wp","href":"https:\/\/api.w.org\/{rel}","templated":true}]}}